{"id":425,"date":"2024-08-22T15:23:53","date_gmt":"2024-08-22T15:23:53","guid":{"rendered":"https:\/\/www.thechallenge.hu\/?page_id=425"},"modified":"2024-09-14T13:52:00","modified_gmt":"2024-09-14T11:52:00","slug":"gdpr","status":"publish","type":"page","link":"https:\/\/www.thechallenge.hu\/en\/gdpr\/","title":{"rendered":"GDPR"},"content":{"rendered":"<p>Adatv\u00e9delmi T\u00e1j\u00e9koztat\u00f3 Kamer\u00e1s megfigyel\u00e9sr\u0151l<br>AZ ADATKEZEL\u0150 EL\u00c9RHET\u0150S\u00c9GEI<br>The Challenge Game Korl\u00e1tolt Felel\u0151ss\u00e9g\u0171 T\u00e1rsas\u00e1g (tov\u00e1bbiakban: Adatkezel\u0151)<br>9094 T\u00e1pszentmikl\u00f3s F\u0151 utca 38., +36\/30 534 7004, e-mail c\u00edm: thechallengekft@gmail.com)<br>AZ ADATKEZEL\u00c9S C\u00c9LJA<br>Az Adatkezel\u0151 ter\u00fclet\u00e9n z\u00e1rt l\u00e1nc\u00fa, \u00fagynevezett CCTV kamera\/video megfigyel\u0151 rendszer m\u0171k\u00f6dik.<br>A z\u00e1rt l\u00e1nc\u00fa kamera\/video (CCTV) megfigyel\u0151 rendszer az \u00e9rv\u00e9nyben l\u00e9v\u0151 jogszab\u00e1lyok alapj\u00e1n ker\u00fclt telep\u00edt\u00e9sre, alkalmaz\u00e1sa \u00e9s m\u0171k\u00f6dtet\u00e9se a vonatkoz\u00f3 jogszab\u00e1lyi rendelkez\u00e9sek betart\u00e1s\u00e1val t\u00f6rt\u00e9nik. Az elektronikus megfigyel\u0151rendszer (kamerarendszer) a szem\u00e9ly- \u00e9s vagyonv\u00e9delmi, valamint<br>a mag\u00e1nnyomoz\u00f3i tev\u00e9kenys\u00e9g szab\u00e1lyair\u00f3l sz\u00f3l\u00f3 2005. \u00e9vi CXXXIII. t\u00f6rv\u00e9ny (a tov\u00e1bbiakban:<br>Szvtv.) 30. \u00a7 (2) bekezd\u00e9s\u00e9vel \u00e9s 31. \u00a7 (1) bekezd\u00e9s\u00e9vel \u00f6sszhangban vagyonv\u00e9delmi c\u00e9lb\u00f3l, a jogs\u00e9rt\u0151 cselekm\u00e9nyek megel\u0151z\u00e9se \u00e9rdek\u00e9ben m\u0171k\u00f6dik. Az adatkezel\u00e9s c\u00e9lja az \u00fczlet ter\u00fclet\u00e9n tart\u00f3zkod\u00f3 szem\u00e9lyek \u00e9let\u00e9nek \u00e9s testi \u00e9ps\u00e9g\u00e9nek v\u00e9delme, a szem\u00e9ly- \u00e9s vagyonbiztons\u00e1gnak az elektronikus megfigyel\u0151rendszer ig\u00e9nybev\u00e9tel\u00e9vel t\u00f6rt\u00e9n\u0151 fenntart\u00e1sa.<br>AZ ADATKEZEL\u00c9S JOGALAPJA<br>Az \u00d6n kifejezett \u00f6nk\u00e9ntes hozz\u00e1j\u00e1rul\u00e1sa GDPR 6. cikk (1) bekezd\u00e9s a) pontja alapj\u00e1n. A jelen t\u00e1j\u00e9koztat\u00f3 ismeret\u00e9ben az \u00fczlet ter\u00fclet\u00e9re val\u00f3 bel\u00e9p\u00e9st az \u00e9rintett r\u00e1utal\u00f3 magatart\u00e1ssal t\u00f6rt\u00e9n\u0151 hozz\u00e1j\u00e1rul\u00e1s\u00e1nak tekintj\u00fck.<br>Az elektronikus megfigyel\u0151rendszer a h\u00e9t minden napj\u00e1n, 0-24 \u00f3r\u00e1ig \u00fczemel, az \u00e9l\u0151k\u00e9p megfigyel\u00e9s<br>mellett k\u00e9peket is r\u00f6gz\u00edt. Az elektronikus megfigyel\u0151rendszerrel kapcsolatos adatkezel\u00e9sben<br>\u00e9rintettek k\u00f6re az \u00fczlet ter\u00fclet\u00e9n tart\u00f3zkod\u00f3 term\u00e9szetes szem\u00e9lyek, ide\u00e9rtve az \u00fczlet munkat\u00e1rsait,<br>valamint az \u00fczlet vend\u00e9geit is.<br>A KEZELT SZEM\u00c9LYES ADATOK K\u00d6RE<br>Az \u00fczlet ter\u00fclet\u00e9n tart\u00f3zkod\u00f3 term\u00e9szetes szem\u00e9lyek, mint \u00e9rintettek k\u00e9pfelv\u00e9teleken l\u00e1tsz\u00f3d\u00f3 arck\u00e9pm\u00e1sa, magatart\u00e1sa.<br>1<br>ADATKEZEL\u00c9S ID\u0150TARTAMA<br>A kamer\u00e1k \u00e1ltal k\u00e9sz\u00edtett felv\u00e9teleket a felv\u00e9tel elk\u00e9sz\u00fclt\u00e9t\u0151l sz\u00e1m\u00edtott 30 napig \u2013 \u0151rizz\u00fck meg.<br>ADATFELDOLGOZ\u00d3 IG\u00c9NYBEV\u00c9TELE<br>Az Adatkezel\u0151 az adatkezel\u00e9si m\u0171veletekhez kapcsol\u00f3d\u00f3 feladatok elv\u00e9gz\u00e9s\u00e9re adatfeldolgoz\u00f3t nem<br>vesz ig\u00e9nybe.<br>C\u00cdMZETTEK<br>Az Adatkezel\u0151 az adatot harmadik szem\u00e9lynek az \u00e9rintett hozz\u00e1j\u00e1rul\u00e1sa n\u00e9lk\u00fcl nem adja ki. Kiv\u00e9telt<br>k\u00e9peznek ez al\u00f3l a hat\u00f3s\u00e1gi megkeres\u00e9sek, Rend\u0151rs\u00e9g, \u00dcgy\u00e9szs\u00e9g, B\u00edr\u00f3s\u00e1g, Nemzetbiztons\u00e1gi szervek, Katasztr\u00f3fa v\u00e9delem, NAV (Nemzeti Ad\u00f3 \u00e9s V\u00e1mhivatal) mely esetekben az adott hat\u00f3s\u00e1g hivatalos megkeres\u00e9se eset\u00e9n az ig\u00e9nyelt adatokat megfelel\u0151 dokument\u00e1l\u00e1s mellet rendelkez\u00e9sre kell bocs\u00e1tani.<br>HOZZ\u00c1F\u00c9R\u00c9SRE JOGOSULT SZEM\u00c9LYEK<br>A k\u00e9pfelv\u00e9telekhez kiz\u00e1r\u00f3lag az arra jogosult szem\u00e9lyek f\u00e9rhetnek hozz\u00e1, az al\u00e1bbiak szerint. A kamer\u00e1k \u00e9l\u0151k\u00e9p\u00e9nek megtekint\u00e9s\u00e9re a mindenkori szem\u00e9lyzet jogosult<br>A kamer\u00e1k felv\u00e9tel\u00e9nek megtekint\u00e9sre jogosultak:<\/p>\n\n\n\n<ul class=\"wp-block-list\">\n<li>Az \u00fcgyvezet\u0151 igazgat\u00f3 \u00e9s az \u00fczlet alkalmazottai (csak \u00e9l\u0151 k\u00e9peket l\u00e1thatnak)<br>Adattov\u00e1bb\u00edt\u00e1sra kiz\u00e1r\u00f3lag jogellenes magatart\u00e1sara vagy k\u00f6telezetts\u00e9gszeg\u00e9sre tekintettel folyamatban l\u00e9v\u0151 elj\u00e1r\u00e1s eset\u00e9n, az azokat lefolytat\u00f3 hat\u00f3s\u00e1gok, b\u00edr\u00f3s\u00e1gok fel\u00e9 van lehet\u0151s\u00e9g. Az \u00e1tadott adatok k\u00f6r\u00e9be a kamerarendszer \u00e1ltal k\u00e9sz\u00edtett, relev\u00e1ns inform\u00e1ci\u00f3t tartalmaz\u00f3 felv\u00e9telek tartozhatnak.<br>KAMER\u00c1K ELHELYEZKED\u00c9SE<br>A kamer\u00e1k az \u00fczlet teljes ter\u00fclet\u00e9t megfigyelik. A kamer\u00e1k elhelyezked\u00e9se (l\u00e1t\u00f3sz\u00f6ge), illetve a megfigyelt ter\u00fclet az al\u00e1bbiak szerint alakul.<br>2<\/li>\n\n\n\n<li>az \u00fczlet bels\u0151 bej\u00e1rat\u00e1t, \u00e9s a vend\u00e9gek sz\u00e1m\u00e1ra nyitva \u00e1ll\u00f3 tereit figyel\u0151 kamer\u00e1k m\u0171k\u00f6dnek,<br>melyek c\u00e9lja az \u00fczlet vend\u00e9geinek, vagyont\u00e1rgyainak v\u00e9delme.<br>A megfigyel\u00e9s c\u00e9lja els\u0151sorban az\u00fczlet vagyont\u00e1rgyaival, eszk\u00f6zeivel, k\u00e9szleteivel, \u00e9s az \u00fczlet<br>vend\u00e9geinek az \u00fczletbe behozott vagyont\u00e1rgyaival kapcsolatos vagyonv\u00e9delem, melyre tekintettel<br>k\u00fcl\u00f6n\u00f6sen indokolt az \u00fczlet bej\u00e1rat\u00e1nak, recepci\u00f3j\u00e1nak, k\u00f6z\u00f6s helyis\u00e9geinek megfigyel\u00e9se. A megfigyel\u00e9s c\u00e9lja tov\u00e1bb\u00e1 az \u00fczlet k\u00f6z\u00f6s helyis\u00e9geiben el\u0151fordul\u00f3 balesetek megel\u0151z\u00e9se, illetve k\u00f6r\u00fclm\u00e9nyeinek felt\u00e1r\u00e1sa.<br>A kamer\u00e1val megfigyelt ter\u00fcletek bel\u00e9p\u00e9si pontjain\u00e1l piktogram \u00e9s adatkezel\u00e9si t\u00e1j\u00e9koztat\u00f3 jelzi az<br>\u00e9rintettek sz\u00e1m\u00e1ra a megfigyel\u00e9ssel kapcsolatos inform\u00e1ci\u00f3kat.<br>A kamer\u00e1k az al\u00e1bbi ter\u00fcletekre ir\u00e1nyulnak:<br>el\u0151t\u00e9r, \u00fcgyf\u00e9lv\u00e1r\u00f3, j\u00e1t\u00e9kt\u00e9r 0-24 \u00f3r\u00e1ig \u00fczemel\u0151 3 k\u00e9pr\u00f6gz\u00edt\u0151 kamera<br>AZ \u00c9RINTETT JOGAI \u00c9S JOG\u00c9RV\u00c9NYES\u00cdT\u00c9S LEHET\u0150S\u00c9GEI<\/li>\n<\/ul>\n\n\n\n<ol class=\"wp-block-list\">\n<li>m\u00e1jus 25-\u00e9t k\u00f6vet\u0151en az \u00d6n adatv\u00e9delmi jogait \u00e9s jogorvoslati lehet\u0151s\u00e9geit a GDPR tartalmazza r\u00e9szletesen. Az al\u00e1bbiakban ismertetj\u00fck \u00d6nnel a GDPR legfontosabb rendelkez\u00e9seit az \u00d6n<br>jogaival \u00e9s jog\u00e9rv\u00e9nyes\u00edt\u00e9si lehet\u0151s\u00e9geivel kapcsolatban.<br>Amennyiben \u00d6nnek b\u00e1rmilyen \u00e9szrev\u00e9tele, k\u00e9rd\u00e9se mer\u00fcl fel jelen Adatkezel\u00e9si T\u00e1j\u00e9koztat\u00f3val kapcsolatban, vagy a benne foglalt tartalommal kapcsolatban, k\u00e9rj\u00fck forduljon hozz\u00e1nk bizalommal<br>munkat\u00e1rsaink a seg\u00edts\u00e9g\u00e9re lesznek a fenti el\u00e9rhet\u0151s\u00e9gek b\u00e1rmelyik\u00e9n.<br>GDPR SZERINTI HOZZ\u00c1F\u00c9R\u00c9S VAGY T\u00c1J\u00c9KOZTAT\u00c1SHOZ VAL\u00d3 JOG<br>Ezen jog alapj\u00e1n \u00d6n jogosult arra, hogy t\u00e1j\u00e9koztat\u00e1st, inform\u00e1ci\u00f3t kapjon t\u0151l\u00fcnk arra vonatkoz\u00f3an,<br>hogy szem\u00e9lyes adatainak kezel\u00e9se az Adatkezel\u0151n\u00e9l folyamatban van-e. Ha ilyen adatkezel\u00e9s folyamatban van, \u00d6n jogosult arra, hogy az \u00d6nr\u0151l kezelt szem\u00e9lyes adatokhoz \u00e9s az al\u00e1bbi inform\u00e1ci\u00f3khoz<br>hozz\u00e1f\u00e9r\u00e9st, t\u00e1j\u00e9koztat\u00e1st kapjon:<br>3<\/li>\n<\/ol>\n\n\n\n<ul class=\"wp-block-list\">\n<li>az adatkezel\u00e9s c\u00e9ljair\u00f3l;<\/li>\n\n\n\n<li>az \u00e9rintett szem\u00e9lyes adatok kateg\u00f3ri\u00e1ir\u00f3l,<\/li>\n\n\n\n<li>azon c\u00edmzettek vagy c\u00edmzettek kateg\u00f3ri\u00e1ir\u00f3l, akikkel a szem\u00e9lyes adatokat az<br>Adatkezel\u0151 k\u00f6z\u00f6lte, ide\u00e9rtve k\u00fcl\u00f6n\u00f6sen a harmadik orsz\u00e1gbeli c\u00edmzetteket, illetve a<br>nemzetk\u00f6zi szervezeteket is,<\/li>\n\n\n\n<li>a szem\u00e9lyes adatok t\u00e1rol\u00e1s\u00e1nak id\u0151tartam\u00e1r\u00f3l, vagy ha ez nem lehets\u00e9ges, ezen<br>id\u0151tartam meghat\u00e1roz\u00e1s\u00e1nak szempontjair\u00f3l,<\/li>\n\n\n\n<li>az \u00d6n tov\u00e1bbi joga, hogy k\u00e9relmezheti az Adatkezel\u0151t\u0151l az \u00d6nre vonatkoz\u00f3 szem\u00e9lyes<br>adatok helyesb\u00edt\u00e9s\u00e9t, t\u00f6rl\u00e9s\u00e9t vagy kezel\u00e9s\u00e9nek korl\u00e1toz\u00e1s\u00e1t, \u00e9s tiltakozhat a szem\u00e9lyes<br>adatainak kezel\u00e9se ellen,<\/li>\n\n\n\n<li>\u00d6nt megilleti a fel\u00fcgyeleti hat\u00f3s\u00e1ghoz c\u00edmzett panasz beny\u00fajt\u00e1s\u00e1nak joga,<\/li>\n\n\n\n<li>amennyiben az adatokat nem \u00d6nt\u0151l kapta meg az Adatkezel\u0151, a szem\u00e9lyes adatok<br>forr\u00e1s\u00e1ra vonatkoz\u00f3an minden el\u00e9rhet\u0151 inform\u00e1ci\u00f3r\u00f3l k\u00e9rhet t\u00e1j\u00e9koztat\u00e1st,<\/li>\n\n\n\n<li>automatiz\u00e1lt d\u00f6nt\u00e9shozatalr\u00f3l, amennyiben az \u00d6n adataival kapcsolatban ilyen adatkezel\u00e9st<br>v\u00e9gez az Adatkezel\u0151, az automatiz\u00e1lt d\u00f6nt\u00e9shozatal t\u00e9nye, ide\u00e9rtve a profilalkot\u00e1st is, valamint az<br>alkalmazott logik\u00e1ra \u00e9s arra vonatkoz\u00f3 vil\u00e1gos, egy\u00e9rtelm\u0171 inform\u00e1ci\u00f3kr\u00f3l, valamint arr\u00f3l, hogy az<br>ilyen adatkezel\u00e9s milyen<br>jelent\u0151s\u00e9ggel b\u00edr \u00d6nre n\u00e9zve \u00e9s v\u00e1rhat\u00f3an milyen k\u00f6vetkezm\u00e9nyekkel j\u00e1r.<\/li>\n\n\n\n<li>Amennyiben szem\u00e9lyes adatok harmadik orsz\u00e1gba t\u00f6rt\u00e9n\u0151 tov\u00e1bb\u00edt\u00e1s\u00e1ra ker\u00fcl sor, \u00d6n jogosult arra, hogy t\u00e1j\u00e9koztat\u00e1st kapjon a tov\u00e1bb\u00edt\u00e1sra vonatkoz\u00f3 megfelel\u0151s\u00e9gi<br>garanci\u00e1kr\u00f3l.<\/li>\n\n\n\n<li>Az adatkezel\u00e9s t\u00e1rgy\u00e1t k\u00e9pez\u0151 szem\u00e9lyes adatokr\u00f3l m\u00e1solatot ig\u00e9nyelhet \u00e9s ha annak<br>nincs jogszab\u00e1lyban el\u0151\u00edrt akad\u00e1lya az \u00d6n rendelkez\u00e9s\u00e9re bocs\u00e1tjuk. Ha \u00d6n elektronikus \u00faton ny\u00fajtotta be a k\u00e9relmet, az inform\u00e1ci\u00f3kat a GDPR el\u0151\u00edr\u00e1sai szerint sz\u00e9les k\u00f6rben haszn\u00e1lt elektronikus<br>form\u00e1tumban kell azokat az \u00d6n rendelkez\u00e9s\u00e9re bocs\u00e1tani, kiv\u00e9ve, ha \u00d6n ezt m\u00e1s m\u00f3don ig\u00e9nyli.<br>A HELYESB\u00cdT\u00c9SHEZ VAL\u00d3 JOG<br>A GDPR szerint \u00d6n jogosult arra, hogy k\u00e9r\u00e9s\u00e9re indokolatlan k\u00e9sedelem n\u00e9lk\u00fcl az Adatkezel\u0151 helyesb\u00edtse az \u00d6nre vonatkoz\u00f3 hib\u00e1s, pontos\u00edt\u00e1st ig\u00e9nyl\u0151 szem\u00e9lyes adatokat. \u00d6n jogosult tov\u00e1bb\u00e1 arra,<br>hogy k\u00e9rje a hi\u00e1nyos szem\u00e9lyes adatok kieg\u00e9sz\u00edt\u00e9s\u00e9t.<br>4<br>A T\u00d6RL\u00c9SHEZ ELFELEDTET\u00c9SHEZ VAL\u00d3 JOG<br>Ezen jog alapj\u00e1n \u00d6n jogosult arra, hogy k\u00e9r\u00e9s\u00e9re \u2013 a GDPR szerinti indokolatlan k\u00e9sedelem n\u00e9lk\u00fcl \u2013<br>t\u00f6rl\u00e9sre ker\u00fcljenek az \u00d6nre vonatkoz\u00f3 szem\u00e9lyes adatok, ha az al\u00e1bbi indokok valamelyike fenn\u00e1ll:<\/li>\n\n\n\n<li>az \u00d6nr\u0151l kezelt szem\u00e9lyes adatokra m\u00e1r nincs sz\u00fcks\u00e9g abb\u00f3l a c\u00e9lb\u00f3l, amelyb\u0151l azokat az<br>Adatkezel\u0151 felvette vagy m\u00e1s m\u00f3don kezelte;<\/li>\n\n\n\n<li>\u00d6n visszavonja az adatkezel\u00e9s alapj\u00e1t k\u00e9pez\u0151 hozz\u00e1j\u00e1rul\u00e1s\u00e1t, \u00e9s az adatkezel\u00e9snek nincs m\u00e1s<br>jogalapja;<\/li>\n\n\n\n<li>\u00d6n tiltakozik az adatkezel\u00e9se ellen, \u00e9s adott esetben nincs els\u0151bbs\u00e9get \u00e9lvez\u0151 jogszer\u0171 ok az<br>adatkezel\u00e9sre;<\/li>\n\n\n\n<li>a szem\u00e9lyes adatokat jogellenesen kezelt\u00fck;<\/li>\n\n\n\n<li>a szem\u00e9lyes adatokat az Adatkezel\u0151re alkalmazand\u00f3 uni\u00f3s vagy tag\u00e1llami jogban<br>el\u0151\u00edrt jogi k\u00f6telezetts\u00e9g teljes\u00edt\u00e9se miatt t\u00f6r\u00f6lni kell; vagy<\/li>\n\n\n\n<li>a szem\u00e9lyes adatok gy\u0171jt\u00e9s\u00e9re az inform\u00e1ci\u00f3s t\u00e1rsadalommal \u00f6sszef\u00fcg\u0151<br>szolg\u00e1ltat\u00e1sok ny\u00fajt\u00e1s\u00e1val kapcsolatosan ker\u00fclt sor.<br>Amennyiben az adatkezel\u00e9s a GDPR \u2013ban foglalt al\u00e1bbi okok miatt sz\u00fcks\u00e9ges, nem lehets\u00e9ges a<br>t\u00f6rl\u00e9s, illetve elfeledtet\u00e9shez val\u00f3 jog \u00e9rv\u00e9nyes\u00edt\u00e9se \u00edgy k\u00fcl\u00f6n\u00f6sen:<\/li>\n\n\n\n<li>a v\u00e9lem\u00e9nynyilv\u00e1n\u00edt\u00e1s szabads\u00e1g\u00e1hoz \u00e9s a t\u00e1j\u00e9koz\u00f3d\u00e1shoz val\u00f3 jog gyakorl\u00e1sa c\u00e9lj\u00e1b\u00f3l;<\/li>\n\n\n\n<li>a szem\u00e9lyes adatok kezel\u00e9s\u00e9t el\u0151\u00edr\u00f3, az Adatkezel\u0151re alkalmazand\u00f3 uni\u00f3s vagy tag\u00e1llami jogban el\u0151\u00edrt jogi k\u00f6telezetts\u00e9g teljes\u00edt\u00e9se c\u00e9lj\u00e1b\u00f3l;<\/li>\n\n\n\n<li>a k\u00f6z\u00e9rdek\u0171 archiv\u00e1l\u00e1s c\u00e9lj\u00e1b\u00f3l, tudom\u00e1nyos \u00e9s t\u00f6rt\u00e9nelmi kutat\u00e1si c\u00e9lb\u00f3l vagy statisztikai<br>c\u00e9lb\u00f3l, amennyiben a t\u00f6rl\u00e9s, illetve elfeledtet\u00e9shez val\u00f3 jog val\u00f3sz\u00edn\u0171s\u00edthet\u0151 en lehetetlenn\u00e9 tenn\u00e9<br>vagy komolyan vesz\u00e9lyeztetn\u00e9 ezt az adatkezel\u00e9st; vagy<\/li>\n\n\n\n<li>sz\u00fcks\u00e9ges a jogi ig\u00e9nyek el\u0151terjeszt\u00e9s\u00e9hez, \u00e9rv\u00e9nyes\u00edt\u00e9s\u00e9hez, illetve v\u00e9delm\u00e9hez.<br>AZ ADATKEZEL\u00c9S KORL\u00c1TOZ\u00c1S\u00c1HOZ VAL\u00d3 JOG<br>\u00d6n a GDPR rendelkez\u00e9sei szerint jogosult arra, hogy k\u00e9r\u00e9s\u00e9nek megfelel\u0151en korl\u00e1tozzuk az adatkezel\u00e9st, ha az al\u00e1bbiak valamelyike fenn\u00e1ll:<br>\u00d6n vitatja az \u00d6nr\u0151l kezelt szem\u00e9lyes adatok pontoss\u00e1g\u00e1t, ez esetben a korl\u00e1toz\u00e1s arra az id\u0151tartamra<br>vonatkozik, amely lehet\u0151v\u00e9 teszi, hogy ellen\u0151rizz\u00fck az \u00d6n \u00e1ltal pontatlannak, hi\u00e1nyosnak \u00edt\u00e9lt szem\u00e9lyes adatokat,<br>5<br>az adatkezel\u00e9s jogellenes, azonban \u00d6n ellenzi az adatok t\u00f6rl\u00e9s\u00e9t, ehelyett k\u00e9ri azok felhaszn\u00e1l\u00e1s\u00e1nak<br>korl\u00e1toz\u00e1s\u00e1t,<br>az Adatkezel\u0151nek m\u00e1r nincs sz\u00fcks\u00e9ge a szem\u00e9lyes adatokra adatkezel\u00e9s c\u00e9lj\u00e1b\u00f3l, de \u00d6n ig\u00e9nyli azokat jogi ig\u00e9nyek el\u0151terjeszt\u00e9s\u00e9hez, \u00e9rv\u00e9nyes\u00edt\u00e9s\u00e9hez vagy v\u00e9delm\u00e9hez; vagy<br>\u00d6n tiltakozott az adatkezel\u00e9s ellen, ez esetben a korl\u00e1toz\u00e1s arra az id\u0151tartamra vonatkozik, am\u00edg meg\u00e1llap\u00edt\u00e1sra nem ker\u00fcl, hogy az Adatkezel\u0151 jogos \u00e9rdekei els\u0151bbs\u00e9get \u00e9lveznek-e az \u00d6n jogos<br>\u00e9rdek\u00e9vel szemben.<br>adatkezel\u00e9s a fentiek alapj\u00e1n adatkezel\u00e9si korl\u00e1toz\u00e1s al\u00e1 esik, az ilyen szem\u00e9lyes<br>Ha az<br>adatokat a t\u00e1rol\u00e1s kiv\u00e9tel\u00e9vel csak az \u00d6n hozz\u00e1j\u00e1rul\u00e1s\u00e1val, vagy jogi ig\u00e9nyek el\u0151terjeszt\u00e9s\u00e9hez,<br>\u00e9rv\u00e9nyes\u00edt\u00e9s\u00e9hez vagy v\u00e9delm\u00e9hez, vagy m\u00e1s term\u00e9szetes vagy jogi szem\u00e9ly jogainak v\u00e9delme<br>\u00e9rdek\u00e9ben, vagy az Uni\u00f3, illetve valamely tag\u00e1llam fontos k\u00f6z\u00e9rdek\u00e9b\u0151l lehet kezelni. Az adatkezel\u00e9s<br>korl\u00e1toz\u00e1s\u00e1nak felold\u00e1s\u00e1r\u00f3l az Adatkezel\u0151 el\u0151zetesen t\u00e1j\u00e9koztatja \u00d6nt.<br>A SZEM\u00c9LYES ADATOK HELYESB\u00cdT\u00c9S\u00c9HEZ VAGY T\u00d6RL\u00c9S\u00c9HEZ, ILLETVE AZ<br>ADATKEZEL\u00c9S KORL\u00c1TOZ\u00c1S\u00c1HOZ KAPCSOL\u00d3D\u00d3 \u00c9RTES\u00cdT\u00c9SI K\u00d6TELEZETTS\u00c9G<br>Az Adatkezel\u0151 minden olyan c\u00edmzettet t\u00e1j\u00e9koztat valamennyi helyesb\u00edt\u00e9sr\u0151l, t\u00f6rl\u00e9sr\u0151l vagy adatkezel\u00e9si korl\u00e1toz\u00e1sr\u00f3l, akivel, illetve amellyel a szem\u00e9lyes adatot k\u00f6z\u00f6lte, kiv\u00e9ve, ha ez lehetetlennek<br>bizonyul, vagy ar\u00e1nytalanul nagy er\u0151fesz\u00edt\u00e9st ig\u00e9nyel. Az \u00d6n k\u00e9r\u00e9se eset\u00e9n t\u00e1j\u00e9koztatjuk \u00d6nt ezen<br>c\u00edmzettekr\u0151l.<br>AZ ADATHORDOZHAT\u00d3S\u00c1GHOZ VAL\u00d3 JOG<br>A GDPR szerint \u00d6n jogosult arra, hogy az \u00d6nre vonatkoz\u00f3, \u00d6n \u00e1ltal az Adatkezel\u0151 rendelkez\u00e9s\u00e9re<br>bocs\u00e1tott szem\u00e9lyes adatokat tagolt, sz\u00e9les k\u00f6rben haszn\u00e1lt, g\u00e9ppel olvashat\u00f3 form\u00e1tumban megkapja, tov\u00e1bb\u00e1 jogosult arra, hogy ezeket az adatokat egy m\u00e1sik adatkezel\u0151nek tov\u00e1bb\u00edtsa an\u00e9lk\u00fcl,<br>hogy ezt az Adatkezel\u0151 b\u00e1rmilyen m\u00f3don akad\u00e1lyozn\u00e1.<br>Az adatok hordozhat\u00f3s\u00e1g\u00e1nak jog\u00e1val \u00d6n az al\u00e1bbi esetekben \u00e9lhet:<\/li>\n\n\n\n<li>az adatkezel\u00e9s hozz\u00e1j\u00e1rul\u00e1son, vagy szerz\u0151d\u00e9sen alapul, \u00e9s<\/li>\n\n\n\n<li>az adatkezel\u00e9s automatiz\u00e1lt m\u00f3don t\u00f6rt\u00e9nik.<br>Az adatok hordozhat\u00f3s\u00e1g\u00e1hoz val\u00f3 jog gyakorl\u00e1sa sor\u00e1n \u00d6n jogosult arra, hogy \u2013 ha ez technikailag<br>megval\u00f3s\u00edthat\u00f3 \u2013 k\u00e9rje a szem\u00e9lyes adatok k\u00f6zvetlen tov\u00e1bb\u00edt\u00e1s\u00e1t az Adatkezel\u0151t\u0151l az \u00d6n \u00e1ltal megjel\u00f6lt adatkezel\u0151h\u00f6z.<br>6<br>A TILTAKOZ\u00c1SHOZ VAL\u00d3 JOG<br>A GDPR szerint \u00d6n jogosult arra, hogy a saj\u00e1t helyzet\u00e9vel kapcsolatos okokb\u00f3l b\u00e1rmikor tiltakozzon<br>szem\u00e9lyes adatainak jogos \u00e9rdeken alapul\u00f3 kezel\u00e9se ellen, ide\u00e9rtve profilalkot\u00e1st is. Ebben az esetben<br>az Adatkezel\u0151 a szem\u00e9lyes adatokat nem kezeli tov\u00e1bb, kiv\u00e9ve, ha bizony\u00edt\u00e1st nyer, hogy az adatkezel\u00e9st olyan k\u00e9nyszer\u00edt\u0151 erej\u0171 jogos okok indokolj\u00e1k, amelyek els\u0151bbs\u00e9get \u00e9lveznek az \u00d6n<br>\u00e9rdekeivel, jogaival \u00e9s szabads\u00e1gaival szemben, vagy amelyek jogi ig\u00e9nyek el\u0151terjeszt\u00e9s\u00e9hez,<br>\u00e9rv\u00e9nyes\u00edt\u00e9s\u00e9hez vagy v\u00e9delm\u00e9hez szorosan kapcsol\u00f3dnak.<br>Ha a szem\u00e9lyes adatok kezel\u00e9se k\u00f6zvetlen \u00fczletszerz\u00e9s \u00e9rdek\u00e9ben t\u00f6rt\u00e9nik, \u00d6n jogosult arra, hogy<br>b\u00e1rmikor tiltakozzon az \u00d6nre vonatkoz\u00f3 szem\u00e9lyes adatok e c\u00e9lb\u00f3l t\u00f6rt\u00e9n\u0151 kezel\u00e9se ellen, ide\u00e9rtve a<br>profilalkot\u00e1st is, amennyiben az a k\u00f6zvetlen \u00fczletszerz\u00e9shez kapcsol\u00f3dik.<br>Ha \u00d6n tiltakozik a szem\u00e9lyes adatok k\u00f6zvetlen \u00fczletszerz\u00e9s \u00e9rdek\u00e9ben t\u00f6rt\u00e9n\u0151 kezel\u00e9se ellen, akkor<br>a szem\u00e9lyes adatok a tov\u00e1bbiakban e c\u00e9lb\u00f3l nem kezelhet\u0151ek.<br>Az inform\u00e1ci\u00f3s t\u00e1rsadalommal \u00f6sszef\u00fcgg\u0151 szolg\u00e1ltat\u00e1sok ig\u00e9nybev\u00e9tel\u00e9hez kapcsol\u00f3d\u00f3an \u00e9s a<br>2002\/58\/EK ir\u00e1nyelvt\u0151l elt\u00e9rve \u00d6n a tiltakoz\u00e1shoz val\u00f3 jogot m\u0171szaki el\u0151\u00edr\u00e1sokon alapul\u00f3 automatiz\u00e1lt eszk\u00f6z\u00f6kkel is gyakorolhatja.<br>Ha a szem\u00e9lyes adatok kezel\u00e9s\u00e9re tudom\u00e1nyos \u00e9s t\u00f6rt\u00e9nelmi kutat\u00e1si c\u00e9lb\u00f3l vagy statisztikai c\u00e9lb\u00f3l<br>ker\u00fcl sor, \u00d6n jogosult arra, hogy a saj\u00e1t helyzet\u00e9vel kapcsolatos okokb\u00f3l tiltakozhasson az \u00d6nre vonatkoz\u00f3 szem\u00e9lyes adatok kezel\u00e9se ellen, kiv\u00e9ve, ha az adatkezel\u00e9sre k\u00f6z\u00e9rdek\u0171 okb\u00f3l v\u00e9gzett feladat<br>v\u00e9grehajt\u00e1sa \u00e9rdek\u00e9ben van sz\u00fcks\u00e9g.<br>A FEL\u00dcGYELETI HAT\u00d3S\u00c1GHOZ C\u00cdMZETT PANASZ BENY\u00daJT\u00c1S\u00c1NAK JOGA<br>\u00d6n jogosult arra, hogy panaszt tegyen a fel\u00fcgyeleti hat\u00f3s\u00e1gn\u00e1l \u2013 k\u00fcl\u00f6n\u00f6sen a szok\u00e1sos tart\u00f3zkod\u00e1si<br>helye, a munkahelye vagy a felt\u00e9telezett jogs\u00e9rt\u00e9s helye szerinti tag\u00e1llamban \u2013, ha az \u00d6n meg\u00edt\u00e9l\u00e9se<br>szerint az \u00d6nre vonatkoz\u00f3 szem\u00e9lyes adatok kezel\u00e9se s\u00e9rti a GDPR rendelkez\u00e9seit.<br>Magyarorsz\u00e1gon az illet\u00e9kes fel\u00fcgyeleti hat\u00f3s\u00e1g: Nemzeti Adatv\u00e9delmi \u00e9s Inform\u00e1ci\u00f3szabads\u00e1g<br>Hat\u00f3s\u00e1g (http:\/\/naih.hu\/; 1530 Budapest, Pf.: 5.; telefon: +36-1-391- 1400; fax: +36-1-391-1410; email: ugyfelszolgalat@naih.hu).<br>\u00d6n jogosult a hat\u00e9kony b\u00edr\u00f3s\u00e1gi jogorvoslatra a fel\u00fcgyeleti hat\u00f3s\u00e1g \u00d6nre vonatkoz\u00f3, jogilag k\u00f6telez\u0151<br>erej\u0171 d\u00f6nt\u00e9s\u00e9vel szemben.<\/li>\n<\/ul>","protected":false},"excerpt":{"rendered":"<p>Adatv\u00e9delmi T\u00e1j\u00e9koztat\u00f3 Kamer\u00e1s megfigyel\u00e9sr\u0151lAZ ADATKEZEL\u0150 EL\u00c9RHET\u0150S\u00c9GEIThe Challenge Game Korl\u00e1tolt Felel\u0151ss\u00e9g\u0171 T\u00e1rsas\u00e1g (tov\u00e1bbiakban: Adatkezel\u0151)9094 T\u00e1pszentmikl\u00f3s F\u0151 utca 38., +36\/30 534 7004,&#8230;<\/p>","protected":false},"author":2,"featured_media":0,"parent":0,"menu_order":0,"comment_status":"closed","ping_status":"closed","template":"","meta":{"_acf_changed":false,"inline_featured_image":false,"_uag_custom_page_level_css":"","ghostkit_customizer_options":"","ghostkit_custom_css":"","ghostkit_custom_js_head":"","ghostkit_custom_js_foot":"","ghostkit_typography":"","_cpl_content_size":"","_cpl_sidebar":"","_cpl_disabled_page_elements":[],"_cpl_disabled_page_margins":[],"footnotes":""},"class_list":["post-425","page","type-page","status-publish","hentry"],"acf":[],"yoast_head":"<!-- This site is optimized with the Yoast SEO plugin v27.3 - https:\/\/yoast.com\/product\/yoast-seo-wordpress\/ -->\n<title>GDPR - The Challenge<\/title>\n<meta name=\"robots\" content=\"index, follow, max-snippet:-1, max-image-preview:large, max-video-preview:-1\" \/>\n<link rel=\"canonical\" href=\"https:\/\/www.thechallenge.hu\/en\/gdpr\/\" \/>\n<meta property=\"og:locale\" content=\"en_US\" \/>\n<meta property=\"og:type\" content=\"article\" \/>\n<meta property=\"og:title\" content=\"GDPR - The Challenge\" \/>\n<meta property=\"og:description\" content=\"Adatv\u00e9delmi T\u00e1j\u00e9koztat\u00f3 Kamer\u00e1s megfigyel\u00e9sr\u0151lAZ ADATKEZEL\u0150 EL\u00c9RHET\u0150S\u00c9GEIThe Challenge Game Korl\u00e1tolt Felel\u0151ss\u00e9g\u0171 T\u00e1rsas\u00e1g (tov\u00e1bbiakban: Adatkezel\u0151)9094 T\u00e1pszentmikl\u00f3s F\u0151 utca 38., +36\/30 534 7004,...\" \/>\n<meta property=\"og:url\" content=\"https:\/\/www.thechallenge.hu\/en\/gdpr\/\" \/>\n<meta property=\"og:site_name\" content=\"The Challenge\" \/>\n<meta property=\"article:publisher\" content=\"https:\/\/www.facebook.com\/profile.php?id=61551761114842\" \/>\n<meta property=\"article:modified_time\" content=\"2024-09-14T11:52:00+00:00\" \/>\n<meta name=\"twitter:card\" content=\"summary_large_image\" \/>\n<meta name=\"twitter:label1\" content=\"Est. reading time\" \/>\n\t<meta name=\"twitter:data1\" content=\"10 minutes\" \/>\n<script type=\"application\/ld+json\" class=\"yoast-schema-graph\">{\"@context\":\"https:\\\/\\\/schema.org\",\"@graph\":[{\"@type\":\"WebPage\",\"@id\":\"https:\\\/\\\/www.thechallenge.hu\\\/gdpr\\\/\",\"url\":\"https:\\\/\\\/www.thechallenge.hu\\\/gdpr\\\/\",\"name\":\"GDPR - The Challenge\",\"isPartOf\":{\"@id\":\"https:\\\/\\\/www.thechallenge.hu\\\/#website\"},\"datePublished\":\"2024-08-22T15:23:53+00:00\",\"dateModified\":\"2024-09-14T11:52:00+00:00\",\"breadcrumb\":{\"@id\":\"https:\\\/\\\/www.thechallenge.hu\\\/gdpr\\\/#breadcrumb\"},\"inLanguage\":\"en-US\",\"potentialAction\":[{\"@type\":\"ReadAction\",\"target\":[\"https:\\\/\\\/www.thechallenge.hu\\\/gdpr\\\/\"]}]},{\"@type\":\"BreadcrumbList\",\"@id\":\"https:\\\/\\\/www.thechallenge.hu\\\/gdpr\\\/#breadcrumb\",\"itemListElement\":[{\"@type\":\"ListItem\",\"position\":1,\"name\":\"Home\",\"item\":\"https:\\\/\\\/www.thechallenge.hu\\\/\"},{\"@type\":\"ListItem\",\"position\":2,\"name\":\"GDPR\"}]},{\"@type\":\"WebSite\",\"@id\":\"https:\\\/\\\/www.thechallenge.hu\\\/#website\",\"url\":\"https:\\\/\\\/www.thechallenge.hu\\\/\",\"name\":\"The Challenge\",\"description\":\"The Challenge\",\"publisher\":{\"@id\":\"https:\\\/\\\/www.thechallenge.hu\\\/#organization\"},\"potentialAction\":[{\"@type\":\"SearchAction\",\"target\":{\"@type\":\"EntryPoint\",\"urlTemplate\":\"https:\\\/\\\/www.thechallenge.hu\\\/?s={search_term_string}\"},\"query-input\":{\"@type\":\"PropertyValueSpecification\",\"valueRequired\":true,\"valueName\":\"search_term_string\"}}],\"inLanguage\":\"en-US\"},{\"@type\":\"Organization\",\"@id\":\"https:\\\/\\\/www.thechallenge.hu\\\/#organization\",\"name\":\"The Challenge\",\"url\":\"https:\\\/\\\/www.thechallenge.hu\\\/\",\"logo\":{\"@type\":\"ImageObject\",\"inLanguage\":\"en-US\",\"@id\":\"https:\\\/\\\/www.thechallenge.hu\\\/#\\\/schema\\\/logo\\\/image\\\/\",\"url\":\"https:\\\/\\\/www.thechallenge.hu\\\/wp-content\\\/uploads\\\/2024\\\/05\\\/3D_cube_logo_colored.png\",\"contentUrl\":\"https:\\\/\\\/www.thechallenge.hu\\\/wp-content\\\/uploads\\\/2024\\\/05\\\/3D_cube_logo_colored.png\",\"width\":232,\"height\":257,\"caption\":\"The Challenge\"},\"image\":{\"@id\":\"https:\\\/\\\/www.thechallenge.hu\\\/#\\\/schema\\\/logo\\\/image\\\/\"},\"sameAs\":[\"https:\\\/\\\/www.facebook.com\\\/profile.php?id=61551761114842\",\"https:\\\/\\\/www.tiktok.com\\\/@thechallengegame\",\"https:\\\/\\\/www.instagram.com\\\/thechallengebudapest\",\"https:\\\/\\\/www.youtube.com\\\/@thechallengebudapest\"]}]}<\/script>\n<!-- \/ Yoast SEO plugin. -->","yoast_head_json":{"title":"GDPR - The Challenge","robots":{"index":"index","follow":"follow","max-snippet":"max-snippet:-1","max-image-preview":"max-image-preview:large","max-video-preview":"max-video-preview:-1"},"canonical":"https:\/\/www.thechallenge.hu\/en\/gdpr\/","og_locale":"en_US","og_type":"article","og_title":"GDPR - The Challenge","og_description":"Adatv\u00e9delmi T\u00e1j\u00e9koztat\u00f3 Kamer\u00e1s megfigyel\u00e9sr\u0151lAZ ADATKEZEL\u0150 EL\u00c9RHET\u0150S\u00c9GEIThe Challenge Game Korl\u00e1tolt Felel\u0151ss\u00e9g\u0171 T\u00e1rsas\u00e1g (tov\u00e1bbiakban: Adatkezel\u0151)9094 T\u00e1pszentmikl\u00f3s F\u0151 utca 38., +36\/30 534 7004,...","og_url":"https:\/\/www.thechallenge.hu\/en\/gdpr\/","og_site_name":"The Challenge","article_publisher":"https:\/\/www.facebook.com\/profile.php?id=61551761114842","article_modified_time":"2024-09-14T11:52:00+00:00","twitter_card":"summary_large_image","twitter_misc":{"Est. reading time":"10 minutes"},"schema":{"@context":"https:\/\/schema.org","@graph":[{"@type":"WebPage","@id":"https:\/\/www.thechallenge.hu\/gdpr\/","url":"https:\/\/www.thechallenge.hu\/gdpr\/","name":"GDPR - The Challenge","isPartOf":{"@id":"https:\/\/www.thechallenge.hu\/#website"},"datePublished":"2024-08-22T15:23:53+00:00","dateModified":"2024-09-14T11:52:00+00:00","breadcrumb":{"@id":"https:\/\/www.thechallenge.hu\/gdpr\/#breadcrumb"},"inLanguage":"en-US","potentialAction":[{"@type":"ReadAction","target":["https:\/\/www.thechallenge.hu\/gdpr\/"]}]},{"@type":"BreadcrumbList","@id":"https:\/\/www.thechallenge.hu\/gdpr\/#breadcrumb","itemListElement":[{"@type":"ListItem","position":1,"name":"Home","item":"https:\/\/www.thechallenge.hu\/"},{"@type":"ListItem","position":2,"name":"GDPR"}]},{"@type":"WebSite","@id":"https:\/\/www.thechallenge.hu\/#website","url":"https:\/\/www.thechallenge.hu\/","name":"The Challenge","description":"The Challenge","publisher":{"@id":"https:\/\/www.thechallenge.hu\/#organization"},"potentialAction":[{"@type":"SearchAction","target":{"@type":"EntryPoint","urlTemplate":"https:\/\/www.thechallenge.hu\/?s={search_term_string}"},"query-input":{"@type":"PropertyValueSpecification","valueRequired":true,"valueName":"search_term_string"}}],"inLanguage":"en-US"},{"@type":"Organization","@id":"https:\/\/www.thechallenge.hu\/#organization","name":"The Challenge","url":"https:\/\/www.thechallenge.hu\/","logo":{"@type":"ImageObject","inLanguage":"en-US","@id":"https:\/\/www.thechallenge.hu\/#\/schema\/logo\/image\/","url":"https:\/\/www.thechallenge.hu\/wp-content\/uploads\/2024\/05\/3D_cube_logo_colored.png","contentUrl":"https:\/\/www.thechallenge.hu\/wp-content\/uploads\/2024\/05\/3D_cube_logo_colored.png","width":232,"height":257,"caption":"The Challenge"},"image":{"@id":"https:\/\/www.thechallenge.hu\/#\/schema\/logo\/image\/"},"sameAs":["https:\/\/www.facebook.com\/profile.php?id=61551761114842","https:\/\/www.tiktok.com\/@thechallengegame","https:\/\/www.instagram.com\/thechallengebudapest","https:\/\/www.youtube.com\/@thechallengebudapest"]}]}},"uagb_featured_image_src":{"full":false,"thumbnail":false,"medium":false,"medium_large":false,"large":false,"1536x1536":false,"2048x2048":false,"trp-custom-language-flag":false,"cpl_3840x3840":false,"cpl_2560x2560":false,"cpl_1920x1920":false,"cpl_1280x1280":false,"cpl_600x600_crop":false,"cpl_600x600":false,"cpl_300x300_crop":false,"cpl_300x300":false,"cpl_48x48_crop":false,"cpl_48x48":false},"uagb_author_info":{"display_name":"Mih\u00e1ly Hollo","author_link":"https:\/\/www.thechallenge.hu\/en\/author\/misi\/"},"uagb_comment_info":0,"uagb_excerpt":"Adatv\u00e9delmi T\u00e1j\u00e9koztat\u00f3 Kamer\u00e1s megfigyel\u00e9sr\u0151lAZ ADATKEZEL\u0150 EL\u00c9RHET\u0150S\u00c9GEIThe Challenge Game Korl\u00e1tolt Felel\u0151ss\u00e9g\u0171 T\u00e1rsas\u00e1g (tov\u00e1bbiakban: Adatkezel\u0151)9094 T\u00e1pszentmikl\u00f3s F\u0151 utca 38., +36\/30 534 7004,...","_links":{"self":[{"href":"https:\/\/www.thechallenge.hu\/en\/wp-json\/wp\/v2\/pages\/425","targetHints":{"allow":["GET"]}}],"collection":[{"href":"https:\/\/www.thechallenge.hu\/en\/wp-json\/wp\/v2\/pages"}],"about":[{"href":"https:\/\/www.thechallenge.hu\/en\/wp-json\/wp\/v2\/types\/page"}],"author":[{"embeddable":true,"href":"https:\/\/www.thechallenge.hu\/en\/wp-json\/wp\/v2\/users\/2"}],"replies":[{"embeddable":true,"href":"https:\/\/www.thechallenge.hu\/en\/wp-json\/wp\/v2\/comments?post=425"}],"version-history":[{"count":2,"href":"https:\/\/www.thechallenge.hu\/en\/wp-json\/wp\/v2\/pages\/425\/revisions"}],"predecessor-version":[{"id":868,"href":"https:\/\/www.thechallenge.hu\/en\/wp-json\/wp\/v2\/pages\/425\/revisions\/868"}],"wp:attachment":[{"href":"https:\/\/www.thechallenge.hu\/en\/wp-json\/wp\/v2\/media?parent=425"}],"curies":[{"name":"wp","href":"https:\/\/api.w.org\/{rel}","templated":true}]}}